{"id":268,"date":"2024-04-30T15:07:16","date_gmt":"2024-04-30T13:07:16","guid":{"rendered":"https:\/\/serresdebelair.fr\/?page_id=268"},"modified":"2024-06-21T21:55:05","modified_gmt":"2024-06-21T19:55:05","slug":"arbres-fruitiers-et-petits-fruits","status":"publish","type":"page","link":"https:\/\/serresdebelair.fr\/index.php\/arbres-fruitiers-et-petits-fruits\/","title":{"rendered":"Arbres et arbustes fruitiers"},"content":{"rendered":"\n<p class=\"has-text-align-justify has-black-color has-text-color has-link-color has-medium-font-size wp-elements-1 wp-block-paragraph\">Toutes nos plantes proviennent de p\u00e9pini\u00e8res locales sp\u00e9cialis\u00e9es. Vous trouverez une gamme compl\u00e8te classique tel que Cerisier, Poirier, Pommier, Abricotier, Amandier, Grenadier, Prunier, Plaqueminier, Framboisier, Kiwi, Vigne, Cassis, groseille, Murier ainsi que des originalit\u00e9s comme les Asiminiers, Feijoa ou baies de Goji.<\/p>\n\n\n\n<div class=\"wp-block-jetpack-tiled-gallery aligncenter has-background is-style-rectangular\" style=\"background-color:#509d2e\"><div class=\"\"><div class=\"tiled-gallery__gallery\"><div class=\"tiled-gallery__row\"><div class=\"tiled-gallery__col\" style=\"flex-basis:50.00000%\"><figure class=\"tiled-gallery__item\"><img decoding=\"async\" data-attachment-id=\"434\" data-permalink=\"https:\/\/serresdebelair.fr\/index.php\/arbres-fruitiers-et-petits-fruits\/784a789d-f7eb-470c-b117-8135b07b96c0\/\" data-orig-file=\"https:\/\/i0.wp.com\/serresdebelair.fr\/wp-content\/uploads\/2024\/05\/784a789d-f7eb-470c-b117-8135b07b96c0.jpeg?fit=1536%2C2048&amp;ssl=1\" data-orig-size=\"1536,2048\" data-comments-opened=\"0\" data-image-title=\"\" data-image-description=\"\" data-image-caption=\"&lt;p&gt;Amandier et ses fruits&lt;\/p&gt;\n\" data-large-file=\"https:\/\/i0.wp.com\/serresdebelair.fr\/wp-content\/uploads\/2024\/05\/784a789d-f7eb-470c-b117-8135b07b96c0.jpeg?fit=768%2C1024&amp;ssl=1\" role=\"button\" tabindex=\"0\" aria-label=\"Ouvrir l\u2019image 1 sur 2 en plein \u00e9cran\" srcset=\"https:\/\/i2.wp.com\/serresdebelair.fr\/wp-content\/uploads\/2024\/05\/784a789d-f7eb-470c-b117-8135b07b96c0-768x1024.jpeg?strip=info&#038;w=600 600w,https:\/\/i2.wp.com\/serresdebelair.fr\/wp-content\/uploads\/2024\/05\/784a789d-f7eb-470c-b117-8135b07b96c0-768x1024.jpeg?strip=info&#038;w=768 768w\" alt=\"\" data-height=\"2048\" data-id=\"434\" data-link=\"https:\/\/serresdebelair.fr\/index.php\/arbres-fruitiers-et-petits-fruits\/784a789d-f7eb-470c-b117-8135b07b96c0\/\" data-url=\"http:\/\/serresdebelair.fr\/wp-content\/uploads\/2024\/05\/784a789d-f7eb-470c-b117-8135b07b96c0-768x1024.jpeg\" data-width=\"1536\" src=\"https:\/\/i2.wp.com\/serresdebelair.fr\/wp-content\/uploads\/2024\/05\/784a789d-f7eb-470c-b117-8135b07b96c0-768x1024.jpeg\" data-amp-layout=\"responsive\"\/><\/figure><\/div><div class=\"tiled-gallery__col\" style=\"flex-basis:50.00000%\"><figure class=\"tiled-gallery__item\"><img decoding=\"async\" data-attachment-id=\"435\" data-permalink=\"https:\/\/serresdebelair.fr\/index.php\/arbres-fruitiers-et-petits-fruits\/4982d3ad-7195-4640-a2bb-9b40b8d6e49c\/\" data-orig-file=\"https:\/\/i0.wp.com\/serresdebelair.fr\/wp-content\/uploads\/2024\/05\/4982d3ad-7195-4640-a2bb-9b40b8d6e49c.jpeg?fit=1536%2C2048&amp;ssl=1\" data-orig-size=\"1536,2048\" data-comments-opened=\"0\" data-image-title=\"\" data-image-description=\"\" data-image-caption=\"&lt;p&gt;Feijoa, Kiwi, Framboisier et vigne&lt;\/p&gt;\n\" data-large-file=\"https:\/\/i0.wp.com\/serresdebelair.fr\/wp-content\/uploads\/2024\/05\/4982d3ad-7195-4640-a2bb-9b40b8d6e49c.jpeg?fit=768%2C1024&amp;ssl=1\" role=\"button\" tabindex=\"0\" aria-label=\"Ouvrir l\u2019image 2 sur 2 en plein \u00e9cran\" srcset=\"https:\/\/i1.wp.com\/serresdebelair.fr\/wp-content\/uploads\/2024\/05\/4982d3ad-7195-4640-a2bb-9b40b8d6e49c-768x1024.jpeg?strip=info&#038;w=600 600w,https:\/\/i1.wp.com\/serresdebelair.fr\/wp-content\/uploads\/2024\/05\/4982d3ad-7195-4640-a2bb-9b40b8d6e49c-768x1024.jpeg?strip=info&#038;w=768 768w\" alt=\"\" data-height=\"2048\" data-id=\"435\" data-link=\"https:\/\/serresdebelair.fr\/index.php\/arbres-fruitiers-et-petits-fruits\/4982d3ad-7195-4640-a2bb-9b40b8d6e49c\/\" data-url=\"http:\/\/serresdebelair.fr\/wp-content\/uploads\/2024\/05\/4982d3ad-7195-4640-a2bb-9b40b8d6e49c-768x1024.jpeg\" data-width=\"1536\" src=\"https:\/\/i1.wp.com\/serresdebelair.fr\/wp-content\/uploads\/2024\/05\/4982d3ad-7195-4640-a2bb-9b40b8d6e49c-768x1024.jpeg\" data-amp-layout=\"responsive\"\/><\/figure><\/div><\/div><\/div><\/div><\/div>\n","protected":false},"excerpt":{"rendered":"<p>Toutes nos plantes proviennent de p\u00e9pini\u00e8res locales sp\u00e9cialis\u00e9es. Vous trouverez une gamme compl\u00e8te classique tel que Cerisier, Poirier, Pommier, Abricotier, Amandier, Grenadier, Prunier, Plaqueminier, Framboisier, Kiwi, Vigne, Cassis, groseille, Murier ainsi que des originalit\u00e9s comme les Asiminiers, Feijoa ou baies de Goji.<\/p>\n","protected":false},"author":1,"featured_media":434,"parent":0,"menu_order":0,"comment_status":"closed","ping_status":"closed","template":"","meta":{"footnotes":""},"class_list":["post-268","page","type-page","status-publish","has-post-thumbnail","hentry"],"yoast_head":"<!-- This site is optimized with the Yoast SEO plugin v28.3 - https:\/\/yoast.com\/product\/yoast-seo-wordpress\/ -->\n<title>Arbres et arbustes fruitiers -<\/title>\n<meta name=\"description\" content=\"Toutes nos plantes proviennent de p\u00e9pini\u00e8res locales sp\u00e9cialis\u00e9es. Vous trouverez une gamme compl\u00e8te classique tel que Cerisier,etc\" \/>\n<meta name=\"robots\" content=\"index, follow, max-snippet:-1, max-image-preview:large, max-video-preview:-1\" \/>\n<link rel=\"canonical\" href=\"https:\/\/serresdebelair.fr\/index.php\/arbres-fruitiers-et-petits-fruits\/\" \/>\n<meta property=\"og:locale\" content=\"fr_FR\" \/>\n<meta property=\"og:type\" content=\"article\" \/>\n<meta property=\"og:title\" content=\"Arbres et arbustes fruitiers -\" \/>\n<meta property=\"og:description\" content=\"Toutes nos plantes proviennent de p\u00e9pini\u00e8res locales sp\u00e9cialis\u00e9es. Vous trouverez une gamme compl\u00e8te classique tel que Cerisier,etc\" \/>\n<meta property=\"og:url\" content=\"https:\/\/serresdebelair.fr\/index.php\/arbres-fruitiers-et-petits-fruits\/\" \/>\n<meta property=\"article:publisher\" content=\"https:\/\/www.facebook.com\/serresdebelair\" \/>\n<meta property=\"article:modified_time\" content=\"2024-06-21T19:55:05+00:00\" \/>\n<meta property=\"og:image\" content=\"https:\/\/i0.wp.com\/serresdebelair.fr\/wp-content\/uploads\/2024\/05\/784a789d-f7eb-470c-b117-8135b07b96c0.jpeg?fit=1536%2C2048&ssl=1\" \/>\n\t<meta property=\"og:image:width\" content=\"1536\" \/>\n\t<meta property=\"og:image:height\" content=\"2048\" \/>\n\t<meta property=\"og:image:type\" content=\"image\/jpeg\" \/>\n<meta name=\"twitter:card\" content=\"summary_large_image\" \/>\n<meta name=\"twitter:label1\" content=\"Dur\u00e9e de lecture estim\u00e9e\" \/>\n\t<meta name=\"twitter:data1\" content=\"1 minute\" \/>\n<script type=\"application\/ld+json\" class=\"yoast-schema-graph\">{\"@context\":\"https:\\\/\\\/schema.org\",\"@graph\":[{\"@type\":\"WebPage\",\"@id\":\"https:\\\/\\\/serresdebelair.fr\\\/index.php\\\/arbres-fruitiers-et-petits-fruits\\\/\",\"url\":\"https:\\\/\\\/serresdebelair.fr\\\/index.php\\\/arbres-fruitiers-et-petits-fruits\\\/\",\"name\":\"Arbres et arbustes fruitiers -\",\"isPartOf\":{\"@id\":\"https:\\\/\\\/serresdebelair.fr\\\/#website\"},\"primaryImageOfPage\":{\"@id\":\"https:\\\/\\\/serresdebelair.fr\\\/index.php\\\/arbres-fruitiers-et-petits-fruits\\\/#primaryimage\"},\"image\":{\"@id\":\"https:\\\/\\\/serresdebelair.fr\\\/index.php\\\/arbres-fruitiers-et-petits-fruits\\\/#primaryimage\"},\"thumbnailUrl\":\"https:\\\/\\\/i0.wp.com\\\/serresdebelair.fr\\\/wp-content\\\/uploads\\\/2024\\\/05\\\/784a789d-f7eb-470c-b117-8135b07b96c0.jpeg?fit=1536%2C2048&ssl=1\",\"datePublished\":\"2024-04-30T13:07:16+00:00\",\"dateModified\":\"2024-06-21T19:55:05+00:00\",\"description\":\"Toutes nos plantes proviennent de p\u00e9pini\u00e8res locales sp\u00e9cialis\u00e9es. Vous trouverez une gamme compl\u00e8te classique tel que Cerisier,etc\",\"breadcrumb\":{\"@id\":\"https:\\\/\\\/serresdebelair.fr\\\/index.php\\\/arbres-fruitiers-et-petits-fruits\\\/#breadcrumb\"},\"inLanguage\":\"fr-FR\",\"potentialAction\":[{\"@type\":\"ReadAction\",\"target\":[\"https:\\\/\\\/serresdebelair.fr\\\/index.php\\\/arbres-fruitiers-et-petits-fruits\\\/\"]}]},{\"@type\":\"ImageObject\",\"inLanguage\":\"fr-FR\",\"@id\":\"https:\\\/\\\/serresdebelair.fr\\\/index.php\\\/arbres-fruitiers-et-petits-fruits\\\/#primaryimage\",\"url\":\"https:\\\/\\\/i0.wp.com\\\/serresdebelair.fr\\\/wp-content\\\/uploads\\\/2024\\\/05\\\/784a789d-f7eb-470c-b117-8135b07b96c0.jpeg?fit=1536%2C2048&ssl=1\",\"contentUrl\":\"https:\\\/\\\/i0.wp.com\\\/serresdebelair.fr\\\/wp-content\\\/uploads\\\/2024\\\/05\\\/784a789d-f7eb-470c-b117-8135b07b96c0.jpeg?fit=1536%2C2048&ssl=1\",\"width\":1536,\"height\":2048,\"caption\":\"Amandier et ses fruits\"},{\"@type\":\"BreadcrumbList\",\"@id\":\"https:\\\/\\\/serresdebelair.fr\\\/index.php\\\/arbres-fruitiers-et-petits-fruits\\\/#breadcrumb\",\"itemListElement\":[{\"@type\":\"ListItem\",\"position\":1,\"name\":\"Accueil\",\"item\":\"https:\\\/\\\/serresdebelair.fr\\\/\"},{\"@type\":\"ListItem\",\"position\":2,\"name\":\"Arbres et arbustes fruitiers\"}]},{\"@type\":\"WebSite\",\"@id\":\"https:\\\/\\\/serresdebelair.fr\\\/#website\",\"url\":\"https:\\\/\\\/serresdebelair.fr\\\/\",\"name\":\"Les Serres de Bel Air\",\"description\":\"Les Serres de Bel Air, horticulteur p\u00e9pini\u00e9riste depuis trois g\u00e9n\u00e9rations\",\"publisher\":{\"@id\":\"https:\\\/\\\/serresdebelair.fr\\\/#organization\"},\"potentialAction\":[{\"@type\":\"SearchAction\",\"target\":{\"@type\":\"EntryPoint\",\"urlTemplate\":\"https:\\\/\\\/serresdebelair.fr\\\/?s={search_term_string}\"},\"query-input\":{\"@type\":\"PropertyValueSpecification\",\"valueRequired\":true,\"valueName\":\"search_term_string\"}}],\"inLanguage\":\"fr-FR\"},{\"@type\":\"Organization\",\"@id\":\"https:\\\/\\\/serresdebelair.fr\\\/#organization\",\"name\":\"Les Serres de Bel Air\",\"url\":\"https:\\\/\\\/serresdebelair.fr\\\/\",\"logo\":{\"@type\":\"ImageObject\",\"inLanguage\":\"fr-FR\",\"@id\":\"https:\\\/\\\/serresdebelair.fr\\\/#\\\/schema\\\/logo\\\/image\\\/\",\"url\":\"https:\\\/\\\/i0.wp.com\\\/serresdebelair.fr\\\/wp-content\\\/uploads\\\/2024\\\/09\\\/essai.png?fit=640%2C390&ssl=1\",\"contentUrl\":\"https:\\\/\\\/i0.wp.com\\\/serresdebelair.fr\\\/wp-content\\\/uploads\\\/2024\\\/09\\\/essai.png?fit=640%2C390&ssl=1\",\"width\":640,\"height\":390,\"caption\":\"Les Serres de Bel Air\"},\"image\":{\"@id\":\"https:\\\/\\\/serresdebelair.fr\\\/#\\\/schema\\\/logo\\\/image\\\/\"},\"sameAs\":[\"https:\\\/\\\/www.facebook.com\\\/serresdebelair\"]}]}<\/script>\n<!-- \/ Yoast SEO plugin. -->","yoast_head_json":{"title":"Arbres et arbustes fruitiers -","description":"Toutes nos plantes proviennent de p\u00e9pini\u00e8res locales sp\u00e9cialis\u00e9es. Vous trouverez une gamme compl\u00e8te classique tel que Cerisier,etc","robots":{"index":"index","follow":"follow","max-snippet":"max-snippet:-1","max-image-preview":"max-image-preview:large","max-video-preview":"max-video-preview:-1"},"canonical":"https:\/\/serresdebelair.fr\/index.php\/arbres-fruitiers-et-petits-fruits\/","og_locale":"fr_FR","og_type":"article","og_title":"Arbres et arbustes fruitiers -","og_description":"Toutes nos plantes proviennent de p\u00e9pini\u00e8res locales sp\u00e9cialis\u00e9es. Vous trouverez une gamme compl\u00e8te classique tel que Cerisier,etc","og_url":"https:\/\/serresdebelair.fr\/index.php\/arbres-fruitiers-et-petits-fruits\/","article_publisher":"https:\/\/www.facebook.com\/serresdebelair","article_modified_time":"2024-06-21T19:55:05+00:00","og_image":[{"width":1536,"height":2048,"url":"https:\/\/i0.wp.com\/serresdebelair.fr\/wp-content\/uploads\/2024\/05\/784a789d-f7eb-470c-b117-8135b07b96c0.jpeg?fit=1536%2C2048&ssl=1","type":"image\/jpeg"}],"twitter_card":"summary_large_image","twitter_misc":{"Dur\u00e9e de lecture estim\u00e9e":"1 minute"},"schema":{"@context":"https:\/\/schema.org","@graph":[{"@type":"WebPage","@id":"https:\/\/serresdebelair.fr\/index.php\/arbres-fruitiers-et-petits-fruits\/","url":"https:\/\/serresdebelair.fr\/index.php\/arbres-fruitiers-et-petits-fruits\/","name":"Arbres et arbustes fruitiers -","isPartOf":{"@id":"https:\/\/serresdebelair.fr\/#website"},"primaryImageOfPage":{"@id":"https:\/\/serresdebelair.fr\/index.php\/arbres-fruitiers-et-petits-fruits\/#primaryimage"},"image":{"@id":"https:\/\/serresdebelair.fr\/index.php\/arbres-fruitiers-et-petits-fruits\/#primaryimage"},"thumbnailUrl":"https:\/\/i0.wp.com\/serresdebelair.fr\/wp-content\/uploads\/2024\/05\/784a789d-f7eb-470c-b117-8135b07b96c0.jpeg?fit=1536%2C2048&ssl=1","datePublished":"2024-04-30T13:07:16+00:00","dateModified":"2024-06-21T19:55:05+00:00","description":"Toutes nos plantes proviennent de p\u00e9pini\u00e8res locales sp\u00e9cialis\u00e9es. Vous trouverez une gamme compl\u00e8te classique tel que Cerisier,etc","breadcrumb":{"@id":"https:\/\/serresdebelair.fr\/index.php\/arbres-fruitiers-et-petits-fruits\/#breadcrumb"},"inLanguage":"fr-FR","potentialAction":[{"@type":"ReadAction","target":["https:\/\/serresdebelair.fr\/index.php\/arbres-fruitiers-et-petits-fruits\/"]}]},{"@type":"ImageObject","inLanguage":"fr-FR","@id":"https:\/\/serresdebelair.fr\/index.php\/arbres-fruitiers-et-petits-fruits\/#primaryimage","url":"https:\/\/i0.wp.com\/serresdebelair.fr\/wp-content\/uploads\/2024\/05\/784a789d-f7eb-470c-b117-8135b07b96c0.jpeg?fit=1536%2C2048&ssl=1","contentUrl":"https:\/\/i0.wp.com\/serresdebelair.fr\/wp-content\/uploads\/2024\/05\/784a789d-f7eb-470c-b117-8135b07b96c0.jpeg?fit=1536%2C2048&ssl=1","width":1536,"height":2048,"caption":"Amandier et ses fruits"},{"@type":"BreadcrumbList","@id":"https:\/\/serresdebelair.fr\/index.php\/arbres-fruitiers-et-petits-fruits\/#breadcrumb","itemListElement":[{"@type":"ListItem","position":1,"name":"Accueil","item":"https:\/\/serresdebelair.fr\/"},{"@type":"ListItem","position":2,"name":"Arbres et arbustes fruitiers"}]},{"@type":"WebSite","@id":"https:\/\/serresdebelair.fr\/#website","url":"https:\/\/serresdebelair.fr\/","name":"Les Serres de Bel Air","description":"Les Serres de Bel Air, horticulteur p\u00e9pini\u00e9riste depuis trois g\u00e9n\u00e9rations","publisher":{"@id":"https:\/\/serresdebelair.fr\/#organization"},"potentialAction":[{"@type":"SearchAction","target":{"@type":"EntryPoint","urlTemplate":"https:\/\/serresdebelair.fr\/?s={search_term_string}"},"query-input":{"@type":"PropertyValueSpecification","valueRequired":true,"valueName":"search_term_string"}}],"inLanguage":"fr-FR"},{"@type":"Organization","@id":"https:\/\/serresdebelair.fr\/#organization","name":"Les Serres de Bel Air","url":"https:\/\/serresdebelair.fr\/","logo":{"@type":"ImageObject","inLanguage":"fr-FR","@id":"https:\/\/serresdebelair.fr\/#\/schema\/logo\/image\/","url":"https:\/\/i0.wp.com\/serresdebelair.fr\/wp-content\/uploads\/2024\/09\/essai.png?fit=640%2C390&ssl=1","contentUrl":"https:\/\/i0.wp.com\/serresdebelair.fr\/wp-content\/uploads\/2024\/09\/essai.png?fit=640%2C390&ssl=1","width":640,"height":390,"caption":"Les Serres de Bel Air"},"image":{"@id":"https:\/\/serresdebelair.fr\/#\/schema\/logo\/image\/"},"sameAs":["https:\/\/www.facebook.com\/serresdebelair"]}]}},"jetpack_sharing_enabled":true,"_links":{"self":[{"href":"https:\/\/serresdebelair.fr\/index.php\/wp-json\/wp\/v2\/pages\/268","targetHints":{"allow":["GET"]}}],"collection":[{"href":"https:\/\/serresdebelair.fr\/index.php\/wp-json\/wp\/v2\/pages"}],"about":[{"href":"https:\/\/serresdebelair.fr\/index.php\/wp-json\/wp\/v2\/types\/page"}],"author":[{"embeddable":true,"href":"https:\/\/serresdebelair.fr\/index.php\/wp-json\/wp\/v2\/users\/1"}],"replies":[{"embeddable":true,"href":"https:\/\/serresdebelair.fr\/index.php\/wp-json\/wp\/v2\/comments?post=268"}],"version-history":[{"count":9,"href":"https:\/\/serresdebelair.fr\/index.php\/wp-json\/wp\/v2\/pages\/268\/revisions"}],"predecessor-version":[{"id":729,"href":"https:\/\/serresdebelair.fr\/index.php\/wp-json\/wp\/v2\/pages\/268\/revisions\/729"}],"wp:featuredmedia":[{"embeddable":true,"href":"https:\/\/serresdebelair.fr\/index.php\/wp-json\/wp\/v2\/media\/434"}],"wp:attachment":[{"href":"https:\/\/serresdebelair.fr\/index.php\/wp-json\/wp\/v2\/media?parent=268"}],"curies":[{"name":"wp","href":"https:\/\/api.w.org\/{rel}","templated":true}]}}