{"id":265,"date":"2024-04-30T14:55:05","date_gmt":"2024-04-30T12:55:05","guid":{"rendered":"https:\/\/serresdebelair.fr\/?page_id=265"},"modified":"2024-09-23T11:47:53","modified_gmt":"2024-09-23T09:47:53","slug":"arbres-d-ornement","status":"publish","type":"page","link":"https:\/\/serresdebelair.fr\/index.php\/arbres-d-ornement\/","title":{"rendered":"Arbres D&rsquo;ornement"},"content":{"rendered":"\n<p class=\"has-text-align-justify has-black-color has-text-color has-link-color has-medium-font-size wp-elements-1 wp-block-paragraph\">Souvent utilis\u00e9s pour apporter de l&rsquo;ombre au jardin, les arbres peuvent aussi servir \u00e0 couper la vue sur une zone peu esth\u00e9tique, couper du vent ou simplement apporter de la hauteur et de la couleur \u00e0 votre jardin. Se d\u00e9cider \u00e0 planter un arbre peut \u00eatre parfois compliqu\u00e9 car il faut conna\u00eetre sa taille adulte, son syst\u00e8me racinaire par rapport au sol et aux constructions \u00e0 proximit\u00e9 afin d&rsquo;\u00e9viter des d\u00e9sagr\u00e9ments futurs. Nous serons en mesure de vous donner ces conseils et de vous sugg\u00e9rer la vari\u00e9t\u00e9 la plus adapt\u00e9e afin que vous puissiez en b\u00e9n\u00e9ficier pleinement dans quelques ann\u00e9es.<\/p>\n\n\n\n<div class=\"wp-block-jetpack-tiled-gallery has-background is-style-rectangular\" style=\"background-color:#509d2e\"><div class=\"\"><div class=\"tiled-gallery__gallery\"><div class=\"tiled-gallery__row\"><div class=\"tiled-gallery__col\" style=\"flex-basis:50.00000%\"><figure class=\"tiled-gallery__item\"><img decoding=\"async\" data-attachment-id=\"559\" data-permalink=\"https:\/\/serresdebelair.fr\/index.php\/arbres-d-ornement\/3bab3f7a-b331-49c7-9073-cfd231f73062\/\" data-orig-file=\"https:\/\/i0.wp.com\/serresdebelair.fr\/wp-content\/uploads\/2024\/05\/3bab3f7a-b331-49c7-9073-cfd231f73062.jpeg?fit=1536%2C2048&amp;ssl=1\" data-orig-size=\"1536,2048\" data-comments-opened=\"0\" data-image-title=\"\" data-image-description=\"\" data-image-caption=\"&lt;p&gt;Arbres tige pr\u00e9sent\u00e9s \u00e0 la vente.&lt;\/p&gt;\n\" data-large-file=\"https:\/\/i0.wp.com\/serresdebelair.fr\/wp-content\/uploads\/2024\/05\/3bab3f7a-b331-49c7-9073-cfd231f73062.jpeg?fit=768%2C1024&amp;ssl=1\" role=\"button\" tabindex=\"0\" aria-label=\"Ouvrir l\u2019image 1 sur 8 en plein \u00e9cran\" srcset=\"https:\/\/i0.wp.com\/serresdebelair.fr\/wp-content\/uploads\/2024\/05\/3bab3f7a-b331-49c7-9073-cfd231f73062-768x1024.jpeg?strip=info&#038;w=600 600w,https:\/\/i0.wp.com\/serresdebelair.fr\/wp-content\/uploads\/2024\/05\/3bab3f7a-b331-49c7-9073-cfd231f73062-768x1024.jpeg?strip=info&#038;w=768 768w\" alt=\"\" data-height=\"2048\" data-id=\"559\" data-link=\"https:\/\/serresdebelair.fr\/index.php\/arbres-d-ornement\/3bab3f7a-b331-49c7-9073-cfd231f73062\/\" data-url=\"http:\/\/serresdebelair.fr\/wp-content\/uploads\/2024\/05\/3bab3f7a-b331-49c7-9073-cfd231f73062-768x1024.jpeg\" data-width=\"1536\" src=\"https:\/\/i0.wp.com\/serresdebelair.fr\/wp-content\/uploads\/2024\/05\/3bab3f7a-b331-49c7-9073-cfd231f73062-768x1024.jpeg\" data-amp-layout=\"responsive\"\/><\/figure><\/div><div class=\"tiled-gallery__col\" style=\"flex-basis:50.00000%\"><figure class=\"tiled-gallery__item\"><img decoding=\"async\" data-attachment-id=\"560\" data-permalink=\"https:\/\/serresdebelair.fr\/index.php\/arbres-d-ornement\/04d18f22-271f-40a0-aa7a-cc4fc1a0d2db\/\" data-orig-file=\"https:\/\/i0.wp.com\/serresdebelair.fr\/wp-content\/uploads\/2024\/05\/04d18f22-271f-40a0-aa7a-cc4fc1a0d2db.jpeg?fit=1536%2C2048&amp;ssl=1\" data-orig-size=\"1536,2048\" data-comments-opened=\"0\" data-image-title=\"\" data-image-description=\"\" data-image-caption=\"&lt;p&gt;Oliviers basse tige, Murier platane et plantes diverses. &lt;\/p&gt;\n\" data-large-file=\"https:\/\/i0.wp.com\/serresdebelair.fr\/wp-content\/uploads\/2024\/05\/04d18f22-271f-40a0-aa7a-cc4fc1a0d2db.jpeg?fit=768%2C1024&amp;ssl=1\" role=\"button\" tabindex=\"0\" aria-label=\"Ouvrir l\u2019image 2 sur 8 en plein \u00e9cran\" srcset=\"https:\/\/i0.wp.com\/serresdebelair.fr\/wp-content\/uploads\/2024\/05\/04d18f22-271f-40a0-aa7a-cc4fc1a0d2db-768x1024.jpeg?strip=info&#038;w=600 600w,https:\/\/i0.wp.com\/serresdebelair.fr\/wp-content\/uploads\/2024\/05\/04d18f22-271f-40a0-aa7a-cc4fc1a0d2db-768x1024.jpeg?strip=info&#038;w=768 768w\" alt=\"\" data-height=\"2048\" data-id=\"560\" data-link=\"https:\/\/serresdebelair.fr\/index.php\/arbres-d-ornement\/04d18f22-271f-40a0-aa7a-cc4fc1a0d2db\/\" data-url=\"http:\/\/serresdebelair.fr\/wp-content\/uploads\/2024\/05\/04d18f22-271f-40a0-aa7a-cc4fc1a0d2db-768x1024.jpeg\" data-width=\"1536\" src=\"https:\/\/i0.wp.com\/serresdebelair.fr\/wp-content\/uploads\/2024\/05\/04d18f22-271f-40a0-aa7a-cc4fc1a0d2db-768x1024.jpeg\" data-amp-layout=\"responsive\"\/><\/figure><\/div><\/div><div class=\"tiled-gallery__row\"><div class=\"tiled-gallery__col\" style=\"flex-basis:63.96478%\"><figure class=\"tiled-gallery__item\"><img decoding=\"async\" data-attachment-id=\"561\" data-permalink=\"https:\/\/serresdebelair.fr\/index.php\/arbres-d-ornement\/77cb83bd-a746-448d-af4d-c0592e062b8b\/\" data-orig-file=\"https:\/\/i0.wp.com\/serresdebelair.fr\/wp-content\/uploads\/2024\/05\/77cb83bd-a746-448d-af4d-c0592e062b8b.jpeg?fit=2048%2C1536&amp;ssl=1\" data-orig-size=\"2048,1536\" data-comments-opened=\"0\" data-image-title=\"\" data-image-description=\"\" data-image-caption=\"&lt;p&gt;Erable, Lagertroemia, Magnolia, sont disponibles tout au long l&amp;rsquo;ann\u00e9e \u00e0 la vente.&lt;\/p&gt;\n\" data-large-file=\"https:\/\/i0.wp.com\/serresdebelair.fr\/wp-content\/uploads\/2024\/05\/77cb83bd-a746-448d-af4d-c0592e062b8b.jpeg?fit=1000%2C750&amp;ssl=1\" role=\"button\" tabindex=\"0\" aria-label=\"Ouvrir l\u2019image 3 sur 8 en plein \u00e9cran\" srcset=\"https:\/\/i1.wp.com\/serresdebelair.fr\/wp-content\/uploads\/2024\/05\/77cb83bd-a746-448d-af4d-c0592e062b8b-1024x768.jpeg?strip=info&#038;w=600 600w,https:\/\/i1.wp.com\/serresdebelair.fr\/wp-content\/uploads\/2024\/05\/77cb83bd-a746-448d-af4d-c0592e062b8b-1024x768.jpeg?strip=info&#038;w=900 900w,https:\/\/i1.wp.com\/serresdebelair.fr\/wp-content\/uploads\/2024\/05\/77cb83bd-a746-448d-af4d-c0592e062b8b-1024x768.jpeg?strip=info&#038;w=1024 1024w\" alt=\"\" data-height=\"1536\" data-id=\"561\" data-link=\"https:\/\/serresdebelair.fr\/index.php\/arbres-d-ornement\/77cb83bd-a746-448d-af4d-c0592e062b8b\/\" data-url=\"http:\/\/serresdebelair.fr\/wp-content\/uploads\/2024\/05\/77cb83bd-a746-448d-af4d-c0592e062b8b-1024x768.jpeg\" data-width=\"2048\" src=\"https:\/\/i1.wp.com\/serresdebelair.fr\/wp-content\/uploads\/2024\/05\/77cb83bd-a746-448d-af4d-c0592e062b8b-1024x768.jpeg\" data-amp-layout=\"responsive\"\/><\/figure><\/div><div class=\"tiled-gallery__col\" style=\"flex-basis:36.03522%\"><figure class=\"tiled-gallery__item\"><img decoding=\"async\" data-attachment-id=\"562\" data-permalink=\"https:\/\/serresdebelair.fr\/index.php\/arbres-d-ornement\/79808ac2-e043-45e1-aa6b-71f730e1343b\/\" data-orig-file=\"https:\/\/i0.wp.com\/serresdebelair.fr\/wp-content\/uploads\/2024\/05\/79808ac2-e043-45e1-aa6b-71f730e1343b.jpeg?fit=1536%2C2048&amp;ssl=1\" data-orig-size=\"1536,2048\" data-comments-opened=\"0\" data-image-title=\"\" data-image-description=\"\" data-image-caption=\"&lt;p&gt;Cypres, Magnolia, Oliver, Catalapa boule et Ch\u00eane vert.&lt;\/p&gt;\n\" data-large-file=\"https:\/\/i0.wp.com\/serresdebelair.fr\/wp-content\/uploads\/2024\/05\/79808ac2-e043-45e1-aa6b-71f730e1343b.jpeg?fit=768%2C1024&amp;ssl=1\" role=\"button\" tabindex=\"0\" aria-label=\"Ouvrir l\u2019image 4 sur 8 en plein \u00e9cran\" srcset=\"https:\/\/i0.wp.com\/serresdebelair.fr\/wp-content\/uploads\/2024\/05\/79808ac2-e043-45e1-aa6b-71f730e1343b-768x1024.jpeg?strip=info&#038;w=600 600w,https:\/\/i0.wp.com\/serresdebelair.fr\/wp-content\/uploads\/2024\/05\/79808ac2-e043-45e1-aa6b-71f730e1343b-768x1024.jpeg?strip=info&#038;w=768 768w\" alt=\"\" data-height=\"2048\" data-id=\"562\" data-link=\"https:\/\/serresdebelair.fr\/index.php\/arbres-d-ornement\/79808ac2-e043-45e1-aa6b-71f730e1343b\/\" data-url=\"http:\/\/serresdebelair.fr\/wp-content\/uploads\/2024\/05\/79808ac2-e043-45e1-aa6b-71f730e1343b-768x1024.jpeg\" data-width=\"1536\" src=\"https:\/\/i0.wp.com\/serresdebelair.fr\/wp-content\/uploads\/2024\/05\/79808ac2-e043-45e1-aa6b-71f730e1343b-768x1024.jpeg\" data-amp-layout=\"responsive\"\/><\/figure><\/div><\/div><div class=\"tiled-gallery__row\"><div class=\"tiled-gallery__col\" style=\"flex-basis:20.94802%\"><figure class=\"tiled-gallery__item\"><img decoding=\"async\" data-attachment-id=\"563\" data-permalink=\"https:\/\/serresdebelair.fr\/index.php\/arbres-d-ornement\/56609626-a9b4-47e7-a8f6-00b01f36e230-1\/\" data-orig-file=\"https:\/\/i0.wp.com\/serresdebelair.fr\/wp-content\/uploads\/2024\/05\/56609626-a9b4-47e7-a8f6-00b01f36e230-1.jpeg?fit=1536%2C2048&amp;ssl=1\" data-orig-size=\"1536,2048\" data-comments-opened=\"0\" data-image-title=\"\" data-image-description=\"\" data-image-caption=\"&lt;p&gt;Grenadier \u00e0 fleurs.&lt;\/p&gt;\n\" data-large-file=\"https:\/\/i0.wp.com\/serresdebelair.fr\/wp-content\/uploads\/2024\/05\/56609626-a9b4-47e7-a8f6-00b01f36e230-1.jpeg?fit=768%2C1024&amp;ssl=1\" role=\"button\" tabindex=\"0\" aria-label=\"Ouvrir l\u2019image 5 sur 8 en plein \u00e9cran\" srcset=\"https:\/\/i1.wp.com\/serresdebelair.fr\/wp-content\/uploads\/2024\/05\/56609626-a9b4-47e7-a8f6-00b01f36e230-1-768x1024.jpeg?strip=info&#038;w=600 600w,https:\/\/i1.wp.com\/serresdebelair.fr\/wp-content\/uploads\/2024\/05\/56609626-a9b4-47e7-a8f6-00b01f36e230-1-768x1024.jpeg?strip=info&#038;w=768 768w\" alt=\"\" data-height=\"2048\" data-id=\"563\" data-link=\"https:\/\/serresdebelair.fr\/index.php\/arbres-d-ornement\/56609626-a9b4-47e7-a8f6-00b01f36e230-1\/\" data-url=\"http:\/\/serresdebelair.fr\/wp-content\/uploads\/2024\/05\/56609626-a9b4-47e7-a8f6-00b01f36e230-1-768x1024.jpeg\" data-width=\"1536\" src=\"https:\/\/i1.wp.com\/serresdebelair.fr\/wp-content\/uploads\/2024\/05\/56609626-a9b4-47e7-a8f6-00b01f36e230-1-768x1024.jpeg\" data-amp-layout=\"responsive\"\/><\/figure><\/div><div class=\"tiled-gallery__col\" style=\"flex-basis:20.94802%\"><figure class=\"tiled-gallery__item\"><img decoding=\"async\" data-attachment-id=\"564\" data-permalink=\"https:\/\/serresdebelair.fr\/index.php\/arbres-d-ornement\/cd1da110-5434-4d59-b0e8-022f128e0a76\/\" data-orig-file=\"https:\/\/i0.wp.com\/serresdebelair.fr\/wp-content\/uploads\/2024\/05\/cd1da110-5434-4d59-b0e8-022f128e0a76.jpeg?fit=1536%2C2048&amp;ssl=1\" data-orig-size=\"1536,2048\" data-comments-opened=\"0\" data-image-title=\"\" data-image-description=\"\" data-image-caption=\"&lt;p&gt;Les feuilles d&amp;rsquo;Erable deviendrons jaune or \u00e0 l&amp;rsquo;automne.&lt;\/p&gt;\n\" data-large-file=\"https:\/\/i0.wp.com\/serresdebelair.fr\/wp-content\/uploads\/2024\/05\/cd1da110-5434-4d59-b0e8-022f128e0a76.jpeg?fit=768%2C1024&amp;ssl=1\" role=\"button\" tabindex=\"0\" aria-label=\"Ouvrir l\u2019image 6 sur 8 en plein \u00e9cran\" srcset=\"https:\/\/i0.wp.com\/serresdebelair.fr\/wp-content\/uploads\/2024\/05\/cd1da110-5434-4d59-b0e8-022f128e0a76-768x1024.jpeg?strip=info&#038;w=600 600w,https:\/\/i0.wp.com\/serresdebelair.fr\/wp-content\/uploads\/2024\/05\/cd1da110-5434-4d59-b0e8-022f128e0a76-768x1024.jpeg?strip=info&#038;w=768 768w\" alt=\"\" data-height=\"2048\" data-id=\"564\" data-link=\"https:\/\/serresdebelair.fr\/index.php\/arbres-d-ornement\/cd1da110-5434-4d59-b0e8-022f128e0a76\/\" data-url=\"http:\/\/serresdebelair.fr\/wp-content\/uploads\/2024\/05\/cd1da110-5434-4d59-b0e8-022f128e0a76-768x1024.jpeg\" data-width=\"1536\" src=\"https:\/\/i0.wp.com\/serresdebelair.fr\/wp-content\/uploads\/2024\/05\/cd1da110-5434-4d59-b0e8-022f128e0a76-768x1024.jpeg\" data-amp-layout=\"responsive\"\/><\/figure><\/div><div class=\"tiled-gallery__col\" style=\"flex-basis:20.94802%\"><figure class=\"tiled-gallery__item\"><img decoding=\"async\" data-attachment-id=\"565\" data-permalink=\"https:\/\/serresdebelair.fr\/index.php\/arbres-d-ornement\/de8cb3d5-c989-474d-bb7b-2d5018169269\/\" data-orig-file=\"https:\/\/i0.wp.com\/serresdebelair.fr\/wp-content\/uploads\/2024\/05\/de8cb3d5-c989-474d-bb7b-2d5018169269.jpeg?fit=1536%2C2048&amp;ssl=1\" data-orig-size=\"1536,2048\" data-comments-opened=\"0\" data-image-title=\"\" data-image-description=\"\" data-image-caption=\"&lt;p&gt;Oliviers tige Catalpa boule et Ch\u00eane vert&lt;\/p&gt;\n\" data-large-file=\"https:\/\/i0.wp.com\/serresdebelair.fr\/wp-content\/uploads\/2024\/05\/de8cb3d5-c989-474d-bb7b-2d5018169269.jpeg?fit=768%2C1024&amp;ssl=1\" role=\"button\" tabindex=\"0\" aria-label=\"Ouvrir l\u2019image 7 sur 8 en plein \u00e9cran\" srcset=\"https:\/\/i0.wp.com\/serresdebelair.fr\/wp-content\/uploads\/2024\/05\/de8cb3d5-c989-474d-bb7b-2d5018169269-768x1024.jpeg?strip=info&#038;w=600 600w,https:\/\/i0.wp.com\/serresdebelair.fr\/wp-content\/uploads\/2024\/05\/de8cb3d5-c989-474d-bb7b-2d5018169269-768x1024.jpeg?strip=info&#038;w=768 768w\" alt=\"\" data-height=\"2048\" data-id=\"565\" data-link=\"https:\/\/serresdebelair.fr\/index.php\/arbres-d-ornement\/de8cb3d5-c989-474d-bb7b-2d5018169269\/\" data-url=\"http:\/\/serresdebelair.fr\/wp-content\/uploads\/2024\/05\/de8cb3d5-c989-474d-bb7b-2d5018169269-768x1024.jpeg\" data-width=\"1536\" src=\"https:\/\/i0.wp.com\/serresdebelair.fr\/wp-content\/uploads\/2024\/05\/de8cb3d5-c989-474d-bb7b-2d5018169269-768x1024.jpeg\" data-amp-layout=\"responsive\"\/><\/figure><\/div><div class=\"tiled-gallery__col\" style=\"flex-basis:37.15595%\"><figure class=\"tiled-gallery__item\"><img decoding=\"async\" data-attachment-id=\"566\" data-permalink=\"https:\/\/serresdebelair.fr\/index.php\/arbres-d-ornement\/f998624a-f659-4e97-b119-4977e63cbb79\/\" data-orig-file=\"https:\/\/i0.wp.com\/serresdebelair.fr\/wp-content\/uploads\/2024\/05\/f998624a-f659-4e97-b119-4977e63cbb79.jpeg?fit=2048%2C1536&amp;ssl=1\" data-orig-size=\"2048,1536\" data-comments-opened=\"0\" data-image-title=\"\" data-image-description=\"\" data-image-caption=\"&lt;p&gt;Erable \u00e0 feuille de platane&lt;\/p&gt;\n\" data-large-file=\"https:\/\/i0.wp.com\/serresdebelair.fr\/wp-content\/uploads\/2024\/05\/f998624a-f659-4e97-b119-4977e63cbb79.jpeg?fit=1000%2C750&amp;ssl=1\" role=\"button\" tabindex=\"0\" aria-label=\"Ouvrir l\u2019image 8 sur 8 en plein \u00e9cran\" srcset=\"https:\/\/i0.wp.com\/serresdebelair.fr\/wp-content\/uploads\/2024\/05\/f998624a-f659-4e97-b119-4977e63cbb79-1024x768.jpeg?strip=info&#038;w=600 600w,https:\/\/i0.wp.com\/serresdebelair.fr\/wp-content\/uploads\/2024\/05\/f998624a-f659-4e97-b119-4977e63cbb79-1024x768.jpeg?strip=info&#038;w=900 900w,https:\/\/i0.wp.com\/serresdebelair.fr\/wp-content\/uploads\/2024\/05\/f998624a-f659-4e97-b119-4977e63cbb79-1024x768.jpeg?strip=info&#038;w=1024 1024w\" alt=\"\" data-height=\"1536\" data-id=\"566\" data-link=\"https:\/\/serresdebelair.fr\/index.php\/arbres-d-ornement\/f998624a-f659-4e97-b119-4977e63cbb79\/\" data-url=\"http:\/\/serresdebelair.fr\/wp-content\/uploads\/2024\/05\/f998624a-f659-4e97-b119-4977e63cbb79-1024x768.jpeg\" data-width=\"2048\" src=\"https:\/\/i0.wp.com\/serresdebelair.fr\/wp-content\/uploads\/2024\/05\/f998624a-f659-4e97-b119-4977e63cbb79-1024x768.jpeg\" data-amp-layout=\"responsive\"\/><\/figure><\/div><\/div><\/div><\/div><\/div>\n","protected":false},"excerpt":{"rendered":"<p>Souvent utilis\u00e9s pour apporter de l&rsquo;ombre au jardin, les arbres peuvent aussi servir \u00e0 couper la vue sur une zone peu esth\u00e9tique, couper du vent ou simplement apporter de la hauteur et de la couleur \u00e0 votre jardin. Se d\u00e9cider \u00e0 planter un arbre peut \u00eatre parfois compliqu\u00e9 car il faut conna\u00eetre sa taille adulte,&#8230; <\/p>\n<div class=\"link-more\"><a href=\"https:\/\/serresdebelair.fr\/index.php\/arbres-d-ornement\/\">En savoir plus<\/a><\/div>\n","protected":false},"author":1,"featured_media":566,"parent":0,"menu_order":0,"comment_status":"closed","ping_status":"closed","template":"","meta":{"footnotes":""},"class_list":["post-265","page","type-page","status-publish","has-post-thumbnail","hentry"],"yoast_head":"<!-- This site is optimized with the Yoast SEO plugin v28.3 - https:\/\/yoast.com\/product\/yoast-seo-wordpress\/ -->\n<title>Arbres D&#039;ornement -<\/title>\n<meta name=\"description\" content=\"Arbres D&#039;ornement, Il est parfois difficile de planter un arbre, d&#039;anticiper sa taille adulte, les inconv\u00e9nients qui peuvent survenir.\" \/>\n<meta name=\"robots\" content=\"index, follow, max-snippet:-1, max-image-preview:large, max-video-preview:-1\" \/>\n<link rel=\"canonical\" href=\"https:\/\/serresdebelair.fr\/index.php\/arbres-d-ornement\/\" \/>\n<meta property=\"og:locale\" content=\"fr_FR\" \/>\n<meta property=\"og:type\" content=\"article\" \/>\n<meta property=\"og:title\" content=\"Arbres D&#039;ornement -\" \/>\n<meta property=\"og:description\" content=\"Arbres D&#039;ornement, Il est parfois difficile de planter un arbre, d&#039;anticiper sa taille adulte, les inconv\u00e9nients qui peuvent survenir.\" \/>\n<meta property=\"og:url\" content=\"https:\/\/serresdebelair.fr\/index.php\/arbres-d-ornement\/\" \/>\n<meta property=\"article:publisher\" content=\"https:\/\/www.facebook.com\/serresdebelair\" \/>\n<meta property=\"article:modified_time\" content=\"2024-09-23T09:47:53+00:00\" \/>\n<meta property=\"og:image\" content=\"https:\/\/i0.wp.com\/serresdebelair.fr\/wp-content\/uploads\/2024\/05\/f998624a-f659-4e97-b119-4977e63cbb79.jpeg?fit=2048%2C1536&ssl=1\" \/>\n\t<meta property=\"og:image:width\" content=\"2048\" \/>\n\t<meta property=\"og:image:height\" content=\"1536\" \/>\n\t<meta property=\"og:image:type\" content=\"image\/jpeg\" \/>\n<meta name=\"twitter:card\" content=\"summary_large_image\" \/>\n<meta name=\"twitter:label1\" content=\"Dur\u00e9e de lecture estim\u00e9e\" \/>\n\t<meta name=\"twitter:data1\" content=\"3 minutes\" \/>\n<script type=\"application\/ld+json\" class=\"yoast-schema-graph\">{\"@context\":\"https:\\\/\\\/schema.org\",\"@graph\":[{\"@type\":\"WebPage\",\"@id\":\"https:\\\/\\\/serresdebelair.fr\\\/index.php\\\/arbres-d-ornement\\\/\",\"url\":\"https:\\\/\\\/serresdebelair.fr\\\/index.php\\\/arbres-d-ornement\\\/\",\"name\":\"Arbres D'ornement -\",\"isPartOf\":{\"@id\":\"https:\\\/\\\/serresdebelair.fr\\\/#website\"},\"primaryImageOfPage\":{\"@id\":\"https:\\\/\\\/serresdebelair.fr\\\/index.php\\\/arbres-d-ornement\\\/#primaryimage\"},\"image\":{\"@id\":\"https:\\\/\\\/serresdebelair.fr\\\/index.php\\\/arbres-d-ornement\\\/#primaryimage\"},\"thumbnailUrl\":\"https:\\\/\\\/i0.wp.com\\\/serresdebelair.fr\\\/wp-content\\\/uploads\\\/2024\\\/05\\\/f998624a-f659-4e97-b119-4977e63cbb79.jpeg?fit=2048%2C1536&ssl=1\",\"datePublished\":\"2024-04-30T12:55:05+00:00\",\"dateModified\":\"2024-09-23T09:47:53+00:00\",\"description\":\"Arbres D'ornement, Il est parfois difficile de planter un arbre, d'anticiper sa taille adulte, les inconv\u00e9nients qui peuvent survenir.\",\"breadcrumb\":{\"@id\":\"https:\\\/\\\/serresdebelair.fr\\\/index.php\\\/arbres-d-ornement\\\/#breadcrumb\"},\"inLanguage\":\"fr-FR\",\"potentialAction\":[{\"@type\":\"ReadAction\",\"target\":[\"https:\\\/\\\/serresdebelair.fr\\\/index.php\\\/arbres-d-ornement\\\/\"]}]},{\"@type\":\"ImageObject\",\"inLanguage\":\"fr-FR\",\"@id\":\"https:\\\/\\\/serresdebelair.fr\\\/index.php\\\/arbres-d-ornement\\\/#primaryimage\",\"url\":\"https:\\\/\\\/i0.wp.com\\\/serresdebelair.fr\\\/wp-content\\\/uploads\\\/2024\\\/05\\\/f998624a-f659-4e97-b119-4977e63cbb79.jpeg?fit=2048%2C1536&ssl=1\",\"contentUrl\":\"https:\\\/\\\/i0.wp.com\\\/serresdebelair.fr\\\/wp-content\\\/uploads\\\/2024\\\/05\\\/f998624a-f659-4e97-b119-4977e63cbb79.jpeg?fit=2048%2C1536&ssl=1\",\"width\":2048,\"height\":1536,\"caption\":\"Erable \u00e0 feuille de platane\"},{\"@type\":\"BreadcrumbList\",\"@id\":\"https:\\\/\\\/serresdebelair.fr\\\/index.php\\\/arbres-d-ornement\\\/#breadcrumb\",\"itemListElement\":[{\"@type\":\"ListItem\",\"position\":1,\"name\":\"Accueil\",\"item\":\"https:\\\/\\\/serresdebelair.fr\\\/\"},{\"@type\":\"ListItem\",\"position\":2,\"name\":\"Arbres D&rsquo;ornement\"}]},{\"@type\":\"WebSite\",\"@id\":\"https:\\\/\\\/serresdebelair.fr\\\/#website\",\"url\":\"https:\\\/\\\/serresdebelair.fr\\\/\",\"name\":\"Les Serres de Bel Air\",\"description\":\"Les Serres de Bel Air, horticulteur p\u00e9pini\u00e9riste depuis trois g\u00e9n\u00e9rations\",\"publisher\":{\"@id\":\"https:\\\/\\\/serresdebelair.fr\\\/#organization\"},\"potentialAction\":[{\"@type\":\"SearchAction\",\"target\":{\"@type\":\"EntryPoint\",\"urlTemplate\":\"https:\\\/\\\/serresdebelair.fr\\\/?s={search_term_string}\"},\"query-input\":{\"@type\":\"PropertyValueSpecification\",\"valueRequired\":true,\"valueName\":\"search_term_string\"}}],\"inLanguage\":\"fr-FR\"},{\"@type\":\"Organization\",\"@id\":\"https:\\\/\\\/serresdebelair.fr\\\/#organization\",\"name\":\"Les Serres de Bel Air\",\"url\":\"https:\\\/\\\/serresdebelair.fr\\\/\",\"logo\":{\"@type\":\"ImageObject\",\"inLanguage\":\"fr-FR\",\"@id\":\"https:\\\/\\\/serresdebelair.fr\\\/#\\\/schema\\\/logo\\\/image\\\/\",\"url\":\"https:\\\/\\\/i0.wp.com\\\/serresdebelair.fr\\\/wp-content\\\/uploads\\\/2024\\\/09\\\/essai.png?fit=640%2C390&ssl=1\",\"contentUrl\":\"https:\\\/\\\/i0.wp.com\\\/serresdebelair.fr\\\/wp-content\\\/uploads\\\/2024\\\/09\\\/essai.png?fit=640%2C390&ssl=1\",\"width\":640,\"height\":390,\"caption\":\"Les Serres de Bel Air\"},\"image\":{\"@id\":\"https:\\\/\\\/serresdebelair.fr\\\/#\\\/schema\\\/logo\\\/image\\\/\"},\"sameAs\":[\"https:\\\/\\\/www.facebook.com\\\/serresdebelair\"]}]}<\/script>\n<!-- \/ Yoast SEO plugin. -->","yoast_head_json":{"title":"Arbres D'ornement -","description":"Arbres D'ornement, Il est parfois difficile de planter un arbre, d'anticiper sa taille adulte, les inconv\u00e9nients qui peuvent survenir.","robots":{"index":"index","follow":"follow","max-snippet":"max-snippet:-1","max-image-preview":"max-image-preview:large","max-video-preview":"max-video-preview:-1"},"canonical":"https:\/\/serresdebelair.fr\/index.php\/arbres-d-ornement\/","og_locale":"fr_FR","og_type":"article","og_title":"Arbres D'ornement -","og_description":"Arbres D'ornement, Il est parfois difficile de planter un arbre, d'anticiper sa taille adulte, les inconv\u00e9nients qui peuvent survenir.","og_url":"https:\/\/serresdebelair.fr\/index.php\/arbres-d-ornement\/","article_publisher":"https:\/\/www.facebook.com\/serresdebelair","article_modified_time":"2024-09-23T09:47:53+00:00","og_image":[{"width":2048,"height":1536,"url":"https:\/\/i0.wp.com\/serresdebelair.fr\/wp-content\/uploads\/2024\/05\/f998624a-f659-4e97-b119-4977e63cbb79.jpeg?fit=2048%2C1536&ssl=1","type":"image\/jpeg"}],"twitter_card":"summary_large_image","twitter_misc":{"Dur\u00e9e de lecture estim\u00e9e":"3 minutes"},"schema":{"@context":"https:\/\/schema.org","@graph":[{"@type":"WebPage","@id":"https:\/\/serresdebelair.fr\/index.php\/arbres-d-ornement\/","url":"https:\/\/serresdebelair.fr\/index.php\/arbres-d-ornement\/","name":"Arbres D'ornement -","isPartOf":{"@id":"https:\/\/serresdebelair.fr\/#website"},"primaryImageOfPage":{"@id":"https:\/\/serresdebelair.fr\/index.php\/arbres-d-ornement\/#primaryimage"},"image":{"@id":"https:\/\/serresdebelair.fr\/index.php\/arbres-d-ornement\/#primaryimage"},"thumbnailUrl":"https:\/\/i0.wp.com\/serresdebelair.fr\/wp-content\/uploads\/2024\/05\/f998624a-f659-4e97-b119-4977e63cbb79.jpeg?fit=2048%2C1536&ssl=1","datePublished":"2024-04-30T12:55:05+00:00","dateModified":"2024-09-23T09:47:53+00:00","description":"Arbres D'ornement, Il est parfois difficile de planter un arbre, d'anticiper sa taille adulte, les inconv\u00e9nients qui peuvent survenir.","breadcrumb":{"@id":"https:\/\/serresdebelair.fr\/index.php\/arbres-d-ornement\/#breadcrumb"},"inLanguage":"fr-FR","potentialAction":[{"@type":"ReadAction","target":["https:\/\/serresdebelair.fr\/index.php\/arbres-d-ornement\/"]}]},{"@type":"ImageObject","inLanguage":"fr-FR","@id":"https:\/\/serresdebelair.fr\/index.php\/arbres-d-ornement\/#primaryimage","url":"https:\/\/i0.wp.com\/serresdebelair.fr\/wp-content\/uploads\/2024\/05\/f998624a-f659-4e97-b119-4977e63cbb79.jpeg?fit=2048%2C1536&ssl=1","contentUrl":"https:\/\/i0.wp.com\/serresdebelair.fr\/wp-content\/uploads\/2024\/05\/f998624a-f659-4e97-b119-4977e63cbb79.jpeg?fit=2048%2C1536&ssl=1","width":2048,"height":1536,"caption":"Erable \u00e0 feuille de platane"},{"@type":"BreadcrumbList","@id":"https:\/\/serresdebelair.fr\/index.php\/arbres-d-ornement\/#breadcrumb","itemListElement":[{"@type":"ListItem","position":1,"name":"Accueil","item":"https:\/\/serresdebelair.fr\/"},{"@type":"ListItem","position":2,"name":"Arbres D&rsquo;ornement"}]},{"@type":"WebSite","@id":"https:\/\/serresdebelair.fr\/#website","url":"https:\/\/serresdebelair.fr\/","name":"Les Serres de Bel Air","description":"Les Serres de Bel Air, horticulteur p\u00e9pini\u00e9riste depuis trois g\u00e9n\u00e9rations","publisher":{"@id":"https:\/\/serresdebelair.fr\/#organization"},"potentialAction":[{"@type":"SearchAction","target":{"@type":"EntryPoint","urlTemplate":"https:\/\/serresdebelair.fr\/?s={search_term_string}"},"query-input":{"@type":"PropertyValueSpecification","valueRequired":true,"valueName":"search_term_string"}}],"inLanguage":"fr-FR"},{"@type":"Organization","@id":"https:\/\/serresdebelair.fr\/#organization","name":"Les Serres de Bel Air","url":"https:\/\/serresdebelair.fr\/","logo":{"@type":"ImageObject","inLanguage":"fr-FR","@id":"https:\/\/serresdebelair.fr\/#\/schema\/logo\/image\/","url":"https:\/\/i0.wp.com\/serresdebelair.fr\/wp-content\/uploads\/2024\/09\/essai.png?fit=640%2C390&ssl=1","contentUrl":"https:\/\/i0.wp.com\/serresdebelair.fr\/wp-content\/uploads\/2024\/09\/essai.png?fit=640%2C390&ssl=1","width":640,"height":390,"caption":"Les Serres de Bel Air"},"image":{"@id":"https:\/\/serresdebelair.fr\/#\/schema\/logo\/image\/"},"sameAs":["https:\/\/www.facebook.com\/serresdebelair"]}]}},"jetpack_sharing_enabled":true,"_links":{"self":[{"href":"https:\/\/serresdebelair.fr\/index.php\/wp-json\/wp\/v2\/pages\/265","targetHints":{"allow":["GET"]}}],"collection":[{"href":"https:\/\/serresdebelair.fr\/index.php\/wp-json\/wp\/v2\/pages"}],"about":[{"href":"https:\/\/serresdebelair.fr\/index.php\/wp-json\/wp\/v2\/types\/page"}],"author":[{"embeddable":true,"href":"https:\/\/serresdebelair.fr\/index.php\/wp-json\/wp\/v2\/users\/1"}],"replies":[{"embeddable":true,"href":"https:\/\/serresdebelair.fr\/index.php\/wp-json\/wp\/v2\/comments?post=265"}],"version-history":[{"count":19,"href":"https:\/\/serresdebelair.fr\/index.php\/wp-json\/wp\/v2\/pages\/265\/revisions"}],"predecessor-version":[{"id":873,"href":"https:\/\/serresdebelair.fr\/index.php\/wp-json\/wp\/v2\/pages\/265\/revisions\/873"}],"wp:featuredmedia":[{"embeddable":true,"href":"https:\/\/serresdebelair.fr\/index.php\/wp-json\/wp\/v2\/media\/566"}],"wp:attachment":[{"href":"https:\/\/serresdebelair.fr\/index.php\/wp-json\/wp\/v2\/media?parent=265"}],"curies":[{"name":"wp","href":"https:\/\/api.w.org\/{rel}","templated":true}]}}